{"id":97,"date":"2024-02-25T17:34:32","date_gmt":"2024-02-25T16:34:32","guid":{"rendered":"http:\/\/zjazd24.lo-siemiatycze.edu.pl\/?page_id=97"},"modified":"2024-06-11T14:57:04","modified_gmt":"2024-06-11T12:57:04","slug":"zarejestrowani-uczestnicy","status":"publish","type":"page","link":"http:\/\/zjazd24.lo-siemiatycze.edu.pl\/?page_id=97","title":{"rendered":"Zarejestrowani uczestnicy"},"content":{"rendered":"\n<p class=\"has-text-align-center\"><strong><strong>Rok uko\u0144czenia szko\u0142y 2011<\/strong><\/strong><\/p>\n\n\n\n<p class=\"has-text-align-center\">Beata Moczulak (Kuczy\u0144ska)<\/p>\n\n\n\n<p class=\"has-text-align-center\"><strong>Rok uko\u0144czenia szko\u0142y 2010<\/strong><\/p>\n\n\n\n<p class=\"has-text-align-center\">Ma\u0142gorzata Kropiwnicka (Zinczuk)<\/p>\n\n\n\n<p class=\"has-text-align-center\">Barbara \u0141adziak (Leoniuk)<\/p>\n\n\n\n<p class=\"has-text-align-center\">Magdalena Madejska<\/p>\n\n\n\n<p class=\"has-text-align-center\">Milena Wysocka (Stankiewicz)<\/p>\n\n\n\n<p class=\"has-text-align-center\"><strong>Rok uko\u0144czenia szko\u0142y 2008<\/strong><\/p>\n\n\n\n<p class=\"has-text-align-center\">Adam Jakimiuk<\/p>\n\n\n\n<p class=\"has-text-align-center\"><strong>Rok uko\u0144czenia szko\u0142y 2007<\/strong><\/p>\n\n\n\n<p class=\"has-text-align-center\">Rafa\u0142 Lubowicki<\/p>\n\n\n\n<p class=\"has-text-align-center\"><strong>Rok uko\u0144czenia szko\u0142y 2004<\/strong><\/p>\n\n\n\n<p class=\"has-text-align-center\">Ewelina K\u0142opotowska (Moczulska)<\/p>\n\n\n\n<p class=\"has-text-align-center\">\u0141ukasz Leszczy\u0144ski<\/p>\n\n\n\n<p class=\"has-text-align-center\">Zuzanna Ma\u0142etko<\/p>\n\n\n\n<p class=\"has-text-align-center\">Edyta Poniatowska-Socha (Poniatowska)<\/p>\n\n\n\n<p class=\"has-text-align-center\">Marcin Sidun<\/p>\n\n\n\n<p class=\"has-text-align-center\">Malwina Szyma\u0144ska (Zar\u0119ba)<\/p>\n\n\n\n<p class=\"has-text-align-center\"><strong>Rok uko\u0144czenia szko\u0142y 2002<\/strong><\/p>\n\n\n\n<p class=\"has-text-align-center\">Kamila Andrzejuk (Kirejczuk)<\/p>\n\n\n\n<p class=\"has-text-align-center\">Agnieszka Czapko (\u0141opaciuk)<\/p>\n\n\n\n<p class=\"has-text-align-center\">Amelia G\u0142adzka<\/p>\n\n\n\n<p class=\"has-text-align-center\">Rados\u0142aw Poniatowski<\/p>\n\n\n\n<p class=\"has-text-align-center\">Julita Skirko<\/p>\n\n\n\n<p class=\"has-text-align-center\"><strong>Rok uko\u0144czenia szko\u0142y 2000<\/strong><\/p>\n\n\n\n<p class=\"has-text-align-center\">Urszula Burakowska (Koc)<\/p>\n\n\n\n<p class=\"has-text-align-center\"><strong>Rok uko\u0144czenia szko\u0142y 1999<\/strong><\/p>\n\n\n\n<p class=\"has-text-align-center\">Pawe\u0142 Czapko<\/p>\n\n\n\n<p class=\"has-text-align-center\">Aneta Fronczak<\/p>\n\n\n\n<p class=\"has-text-align-center\">Monika Jurczuk-Szlacheta (Jurczuk)<\/p>\n\n\n\n<p class=\"has-text-align-center\">Tomasz Kalinowski<\/p>\n\n\n\n<p class=\"has-text-align-center\">Dariusz Kapelko<\/p>\n\n\n\n<p class=\"has-text-align-center\">Tomasz Konstanciuk<\/p>\n\n\n\n<p class=\"has-text-align-center\">Jaros\u0142aw Krajewski<\/p>\n\n\n\n<p class=\"has-text-align-center\">Edyta Niewi\u0144ska (Wo\u017ana)<\/p>\n\n\n\n<p class=\"has-text-align-center\">Daniel Uszy\u0144ski<\/p>\n\n\n\n<p class=\"has-text-align-center\"><strong>Rok uko\u0144czenia szko\u0142y 1998<\/strong><\/p>\n\n\n\n<p class=\"has-text-align-center\">Pawe\u0142 Filutowski<\/p>\n\n\n\n<p class=\"has-text-align-center\">Monika Godebska-Seliga (Godebska)<\/p>\n\n\n\n<p class=\"has-text-align-center\">Joanna Mystkowska (Romaniuk)<\/p>\n\n\n\n<p class=\"has-text-align-center\">Konrad Olszewski<\/p>\n\n\n\n<p class=\"has-text-align-center\">Aldona Paluchowska (Chomicka)<\/p>\n\n\n\n<p class=\"has-text-align-center\">Adrian Pilecki (Moczulski)<\/p>\n\n\n\n<p class=\"has-text-align-center\">Daniel Podoli\u0144ski<\/p>\n\n\n\n<p class=\"has-text-align-center\">Tomasz Szeweluk<\/p>\n\n\n\n<p class=\"has-text-align-center\">Agata Waszkiewicz (Wieczorek)<\/p>\n\n\n\n<p class=\"has-text-align-center\"><strong>Rok uko\u0144czenia szko\u0142y 1997<\/strong><\/p>\n\n\n\n<p class=\"has-text-align-center\">Anna Nikiciuk (Wysocka)<\/p>\n\n\n\n<p class=\"has-text-align-center\">Robert Prochowicz<\/p>\n\n\n\n<p class=\"has-text-align-center\">Adam Radziszewski<\/p>\n\n\n\n<p class=\"has-text-align-center\">Monika Rybka (Sarna)<\/p>\n\n\n\n<p class=\"has-text-align-center\">Magdalena Ryczkowska (Barwiejuk)<\/p>\n\n\n\n<p class=\"has-text-align-center\">Andrzej Ryczkowski<\/p>\n\n\n\n<p class=\"has-text-align-center\">Ma\u0142gorzata Sawczuk (Go\u0142\u0105b)<\/p>\n\n\n\n<p class=\"has-text-align-center\"><strong>Rok uko\u0144czenia szko\u0142y 1996<\/strong><\/p>\n\n\n\n<p class=\"has-text-align-center\">Justyna Owczarska (Podg\u00f3rska)<\/p>\n\n\n\n<p class=\"has-text-align-center\">Monika Zakrzewska-Hodun (Zakrzewska)<\/p>\n\n\n\n<p class=\"has-text-align-center\"><strong>Rok uko\u0144czenia szko\u0142y 1994<\/strong><\/p>\n\n\n\n<p class=\"has-text-align-center\">Iwona Roszkowska (Jasieniecka)<\/p>\n\n\n\n<p class=\"has-text-align-center\">Wiktor Dmitruk<\/p>\n\n\n\n<p class=\"has-text-align-center\"><strong>Rok uko\u0144czenia szko\u0142y 1993<\/strong><\/p>\n\n\n\n<p class=\"has-text-align-center\">Monika Basista<\/p>\n\n\n\n<p class=\"has-text-align-center\">Joanna Okuniewska (Leoniuk)<\/p>\n\n\n\n<p class=\"has-text-align-center\">Robert Okuniewski<\/p>\n\n\n\n<p class=\"has-text-align-center\"><strong>Rok uko\u0144czenia szko\u0142y 1991<\/strong><\/p>\n\n\n\n<p class=\"has-text-align-center\">Jaros\u0142aw Borku\u0142ak<\/p>\n\n\n\n<p class=\"has-text-align-center\">Edyta Anna Brzozowska (Pietruczuk)<\/p>\n\n\n\n<p class=\"has-text-align-center\">Piotr Charyton<\/p>\n\n\n\n<p class=\"has-text-align-center\">Dariusz Czarkowski<\/p>\n\n\n\n<p class=\"has-text-align-center\">Dorota Falkiewicz (B\u0142ocka)<\/p>\n\n\n\n<p class=\"has-text-align-center\">Ewa J\u00f3zefowicz<\/p>\n\n\n\n<p class=\"has-text-align-center\">Joanna Kami\u0144ska (\u017babiuk)<\/p>\n\n\n\n<p class=\"has-text-align-center\">Agnieszka Kami\u0144ska &#8211; Czech (Kami\u0144ska)<\/p>\n\n\n\n<p class=\"has-text-align-center\">Walenty Kisiel<\/p>\n\n\n\n<p class=\"has-text-align-center\">Bogdan K\u0142opotowski<\/p>\n\n\n\n<p class=\"has-text-align-center\">Halina Kowaluk-Go\u0142y\u0144ska (Kowaluk)<\/p>\n\n\n\n<p class=\"has-text-align-center\">Miros\u0142awa Stradczuk (Dani\u0142ow)<\/p>\n\n\n\n<p class=\"has-text-align-center\">Andrzej Wiszenko<\/p>\n\n\n\n<p class=\"has-text-align-center\">Marta \u017bebrowska (Naruk)<\/p>\n\n\n\n<p class=\"has-text-align-center\"><strong>Rok uko\u0144czenia szko\u0142<\/strong>y <strong>1990<\/strong><\/p>\n\n\n\n<p class=\"has-text-align-center\">Katarzyna Malewska (Kurek)<\/p>\n\n\n\n<p class=\"has-text-align-center has-vivid-red-color has-text-color has-link-color wp-elements-e2f567715f3824326f0e608abe9cf2f1\" style=\"text-decoration:none\"><strong>Rok uko\u0144czenia szko\u0142y 1989<\/strong><\/p>\n\n\n\n<p class=\"has-text-align-center\">Bo\u017cena Czeczuk (Kra\u015bniuk)<\/p>\n\n\n\n<p class=\"has-text-align-center\">Danuta Dobre\u0144ko (Kruglicz)<\/p>\n\n\n\n<p class=\"has-text-align-center\">Iwona Dzi\u0119cio\u0142<\/p>\n\n\n\n<p class=\"has-text-align-center\">Ewa Kiersnowska (Burakowska)<\/p>\n\n\n\n<p class=\"has-text-align-center\">Katarzyna \u0141opaciuk (Osipiuk)<\/p>\n\n\n\n<p class=\"has-text-align-center\">Edyta Nowak-Selwanowicz (Nowak)<\/p>\n\n\n\n<p class=\"has-text-align-center\">El\u017cbieta Olszewska<\/p>\n\n\n\n<p class=\"has-text-align-center\">Krystyna Poniatowska<\/p>\n\n\n\n<p class=\"has-text-align-center\">Agnieszka Romanowicz (Pachwicewicz)<\/p>\n\n\n\n<p class=\"has-text-align-center\">Edyta To\u0142wi\u0144ska (Kuczy\u0144ska)<\/p>\n\n\n\n<p class=\"has-text-align-center\">Wioletta Topolska (Chro\u0142owska)<\/p>\n\n\n\n<p class=\"has-text-align-center\">Marzena Wakuluk-Borku\u0142ak (Wakuluk)<\/p>\n\n\n\n<p class=\"has-text-align-center\">Hanna Wili\u0144ska<\/p>\n\n\n\n<p class=\"has-text-align-center\">Agnieszka Wr\u00f3blewska (Kluska)<\/p>\n\n\n\n<p class=\"has-text-align-center\"><strong>Rok uko\u0144czenia szko\u0142y 1988<\/strong><\/p>\n\n\n\n<p class=\"has-text-align-center\">Katarzyna Andruszkiewicz (Kry\u0144ska)<\/p>\n\n\n\n<p class=\"has-text-align-center\">Ma\u0142gorzata Ko\u015bcianiuk<\/p>\n\n\n\n<p class=\"has-text-align-center\">Rados\u0142aw Osm\u00f3lski<\/p>\n\n\n\n<p class=\"has-text-align-center\">Monika Stypu\u0142kowska (Wasilewska)<\/p>\n\n\n\n<p class=\"has-text-align-center\"><strong>Rok uko\u0144czenia szko\u0142y 1987<\/strong><\/p>\n\n\n\n<p class=\"has-text-align-center\">El\u017cbieta Boguszewska (P\u0142onowska)<\/p>\n\n\n\n<p class=\"has-text-align-center\">Joanna Wysocka<\/p>\n\n\n\n<p class=\"has-text-align-center\"><strong>Rok uko\u0144czenia szko\u0142y 1986<\/strong><\/p>\n\n\n\n<p class=\"has-text-align-center\">Krzysztof Czarkowski<\/p>\n\n\n\n<p class=\"has-text-align-center\">Dariusz Ku\u017aniewski<\/p>\n\n\n\n<p class=\"has-text-align-center\">Julita Netler (\u015awi\u0119tochowska)<\/p>\n\n\n\n<p class=\"has-text-align-center\"><strong>Rok uko\u0144czenia szko\u0142y 1985<\/strong><\/p>\n\n\n\n<p class=\"has-text-align-center\">Monika Drzewek (Nalewajko)<\/p>\n\n\n\n<p class=\"has-text-align-center\">Bo\u017cena Krzy\u017canowska (Kuprjaniuk)<\/p>\n\n\n\n<p class=\"has-text-align-center\"><strong>Rok uko\u0144czenia szko\u0142y 1984<\/strong><\/p>\n\n\n\n<p class=\"has-text-align-center\">Jaros\u0142aw D\u0105browski<\/p>\n\n\n\n<p class=\"has-text-align-center\">Barbara Godun (Bereszczuk)<\/p>\n\n\n\n<p class=\"has-text-align-center\">Miko\u0142aj Godun<\/p>\n\n\n\n<p class=\"has-text-align-center\">Agata Ludwiniak (Niewiarowska)<\/p>\n\n\n\n<p class=\"has-text-align-center\">Janusz \u0141opuski<\/p>\n\n\n\n<p class=\"has-text-align-center\">Marzena Mioduszewska (Sawicka)<\/p>\n\n\n\n<p class=\"has-text-align-center\">Ma\u0142gorzata Mioduszewska &#8211; Scaduto (Mioduszewska)<\/p>\n\n\n\n<p class=\"has-text-align-center\">Anna Niewiarowska (\u0141opaciuk)<\/p>\n\n\n\n<p class=\"has-text-align-center\">Mariusz Niewiarowski<\/p>\n\n\n\n<p class=\"has-text-align-center\">Beata Osm\u00f3lska (Olszewska)<\/p>\n\n\n\n<p class=\"has-text-align-center\">Jan Pu\u0107ko<\/p>\n\n\n\n<p class=\"has-text-align-center\">Jerzy Roszczenko<\/p>\n\n\n\n<p class=\"has-text-align-center\">Jolanta Szum (\u0141opuska)<\/p>\n\n\n\n<p class=\"has-text-align-center\">S\u0142awomir \u015anie\u017cko<\/p>\n\n\n\n<p class=\"has-text-align-center\">Dorota Ma\u0142gorzata Tymi\u0144ska (Czerkas)<\/p>\n\n\n\n<p class=\"has-text-align-center\"><strong>Rok uko\u0144czenia szko\u0142y 1983<\/strong><\/p>\n\n\n\n<p class=\"has-text-align-center\">Miros\u0142awa Busi\u0142o (Ma\u0142aszkiewicz)<\/p>\n\n\n\n<p class=\"has-text-align-center\">Dorota Kosi\u0144ska (Zaremba)<\/p>\n\n\n\n<p class=\"has-text-align-center\">Iwona Kuczewska<\/p>\n\n\n\n<p class=\"has-text-align-center\">Ma\u0142gorzata Miechowicz (Piotrowska)<\/p>\n\n\n\n<p class=\"has-text-align-center\">S\u0142awomir P\u00f3\u0142torak<\/p>\n\n\n\n<p class=\"has-text-align-center\">Krzysztof Ol\u0119dzki<\/p>\n\n\n\n<p class=\"has-text-align-center\"><strong>Rok uko\u0144czenia szko\u0142y 1982<\/strong><\/p>\n\n\n\n<p class=\"has-text-align-center\">Aleksander Sosna<\/p>\n\n\n\n<p class=\"has-text-align-center\"><strong>Rok uko\u0144czenia szko\u0142y 1981<\/strong><\/p>\n\n\n\n<p class=\"has-text-align-center\">Bo\u017cena Czerkas<\/p>\n\n\n\n<p class=\"has-text-align-center\">Halina Deoniziak (Mantur)<\/p>\n\n\n\n<p class=\"has-text-align-center\">Kazimierz Krasowski<\/p>\n\n\n\n<p class=\"has-text-align-center\">Jacek Lipski<\/p>\n\n\n\n<p class=\"has-text-align-center\">Teresa Madejska (Pietraszko)<\/p>\n\n\n\n<p class=\"has-text-align-center\">Barbara Niedziela (Mucha)<\/p>\n\n\n\n<p class=\"has-text-align-center\">Przemys\u0142aw Szum<\/p>\n\n\n\n<p class=\"has-text-align-center\"><strong>Rok uko\u0144czenia szko\u0142y 1980<\/strong><\/p>\n\n\n\n<p class=\"has-text-align-center\">Wies\u0142aw B\u0142ocki<\/p>\n\n\n\n<p class=\"has-text-align-center\">Jerzy Dawidziuk<\/p>\n\n\n\n<p class=\"has-text-align-center\">Celina Momot (Porzezi\u0144ska)<\/p>\n\n\n\n<p class=\"has-text-align-center\">Jerzy Pawluk<\/p>\n\n\n\n<p class=\"has-text-align-center\">Ma\u0142gorzata Podg\u00f3rska<\/p>\n\n\n\n<p class=\"has-text-align-center\">Piotr Putko<\/p>\n\n\n\n<p class=\"has-text-align-center\">El\u017cbieta Szymala (Czarkowska)<\/p>\n\n\n\n<p class=\"has-text-align-center\">Marzanna Tomaszewska (Ry\u017cko)<\/p>\n\n\n\n<p class=\"has-text-align-center\"><strong>Rok uko\u0144czenia szko\u0142y 1979<\/strong><\/p>\n\n\n\n<p class=\"has-text-align-center\">Jerzy Chlebowski (Weichbrodt)<\/p>\n\n\n\n<p class=\"has-text-align-center\">Jolanta Gulmontowicz (Nowak)<\/p>\n\n\n\n<p class=\"has-text-align-center\">Barbara Kobus (Treszczotko)<\/p>\n\n\n\n<p class=\"has-text-align-center\">Alina Krejza-Aleksiejuk (Panasiuk)<\/p>\n\n\n\n<p class=\"has-text-align-center\">Bo\u017cena Kryszczuk (Mazur)<\/p>\n\n\n\n<p class=\"has-text-align-center\">Alina Ma\u0107kowiak (Konachowicz)<\/p>\n\n\n\n<p class=\"has-text-align-center\">Ewa Netter (Chojnacka)<\/p>\n\n\n\n<p class=\"has-text-align-center\">Anna Przanowska (\u015anie\u017cko)<\/p>\n\n\n\n<p class=\"has-text-align-center\">Henryk Przanowski<\/p>\n\n\n\n<p class=\"has-text-align-center\">El\u017cbieta Rakszawa (Ekielska)<\/p>\n\n\n\n<p class=\"has-text-align-center\">Miros\u0142aw Sobecki<\/p>\n\n\n\n<p class=\"has-text-align-center\">Joanna Sollich<\/p>\n\n\n\n<p class=\"has-text-align-center\">Wies\u0142awa Stolarska (Czepi\u0144ska)<\/p>\n\n\n\n<p class=\"has-text-align-center\"> Danuta Stopczyk (Czapko)<\/p>\n\n\n\n<p class=\"has-text-align-center\">S\u0142awomir Terpi\u0142owski<\/p>\n\n\n\n<p class=\"has-text-align-center\">Violetta Wejs-Milewska (Wejs)<\/p>\n\n\n\n<p class=\"has-text-align-center\">Robert Wilczewski<\/p>\n\n\n\n<p class=\"has-text-align-center\">Miros\u0142aw Wr\u00f3blewski<\/p>\n\n\n\n<p class=\"has-text-align-center\"><strong>Rok uko\u0144czenia szko\u0142y 1978<\/strong><\/p>\n\n\n\n<p class=\"has-text-align-center\">El\u017cbieta Jakubiuk (Sieklucka)<\/p>\n\n\n\n<p class=\"has-text-align-center\">Roman Panasiuk<\/p>\n\n\n\n<p class=\"has-text-align-center\">Irena Santorska (Mantur)<\/p>\n\n\n\n<p class=\"has-text-align-center\"><strong>Rok uko\u0144czenia szko\u0142y 1977<\/strong><\/p>\n\n\n\n<p class=\"has-text-align-center\">Jan Dawidziuk<\/p>\n\n\n\n<p class=\"has-text-align-center\">Miros\u0142awa Grommunt (Michaluk)<\/p>\n\n\n\n<p class=\"has-text-align-center\">Ewa Kami\u0144ska (D\u0142uska)<\/p>\n\n\n\n<p class=\"has-text-align-center\">Marek Kami\u0144ski<\/p>\n\n\n\n<p class=\"has-text-align-center\">Wies\u0142aw Mi\u0142kowski<\/p>\n\n\n\n<p class=\"has-text-align-center\">Bo\u017cena Racz (Motylewicz)<\/p>\n\n\n\n<p class=\"has-text-align-center\"><strong>Rok uko\u0144czenia szko\u0142y 1976<\/strong><\/p>\n\n\n\n<p class=\"has-text-align-center\">Teresa Ewa Charkiewicz (Zaremba)<\/p>\n\n\n\n<p class=\"has-text-align-center\">Janusz Daniluk<\/p>\n\n\n\n<p class=\"has-text-align-center\">Ewa Drywulska (\u017babi\u0144ska)<\/p>\n\n\n\n<p class=\"has-text-align-center\">Helena Ekonomiuk (Pietrowska)<\/p>\n\n\n\n<p class=\"has-text-align-center\">Wiktor Ekonomiuk<\/p>\n\n\n\n<p class=\"has-text-align-center\">El\u017cbieta Kluczy\u0144ska (Szulc)<\/p>\n\n\n\n<p class=\"has-text-align-center\">Zbigniew Kuropatwa<\/p>\n\n\n\n<p class=\"has-text-align-center\">Andrzej Marcinkowski<\/p>\n\n\n\n<p class=\"has-text-align-center\">Maria Pryczek (Przes\u0142aw)<\/p>\n\n\n\n<p class=\"has-text-align-center\">Krzysztof Wilczy\u0144ski<\/p>\n\n\n\n<p class=\"has-text-align-center\">Adam Zduniuk<\/p>\n\n\n\n<p class=\"has-text-align-center\">Alicja Zduniuk (Tarasiuk)<\/p>\n\n\n\n<p class=\"has-text-align-center\"><strong>Rok uko\u0144czenia szko\u0142y 1975<\/strong><\/p>\n\n\n\n<p class=\"has-text-align-center\">Henryk Kosieradzki<\/p>\n\n\n\n<p class=\"has-text-align-center\">Stanis\u0142aw Ol\u0119dzki<\/p>\n\n\n\n<p class=\"has-text-align-center\">El\u017cbieta Tokajuk (Jakubiuk)<\/p>\n\n\n\n<p class=\"has-text-align-center\">Tadeusz Wili\u0144ski<\/p>\n\n\n\n<p class=\"has-text-align-center\"><strong>Rok uko\u0144czenia szko\u0142y 1974<\/strong><\/p>\n\n\n\n<p class=\"has-text-align-center\">Teresa Charytoniuk (Herman)<\/p>\n\n\n\n<p class=\"has-text-align-center\">Zbigniew Charytoniuk<\/p>\n\n\n\n<p class=\"has-text-align-center\">Jan Doli\u0144ski<\/p>\n\n\n\n<p class=\"has-text-align-center\">Eugeniusz Kazimieruk<\/p>\n\n\n\n<p class=\"has-text-align-center\">Zbigniew Kosieradzki<\/p>\n\n\n\n<p class=\"has-text-align-center\">Anna Pruszy\u0144ska (Golonko)<\/p>\n\n\n\n<p class=\"has-text-align-center\">Ryszard Saciuk<\/p>\n\n\n\n<p class=\"has-text-align-center\"><strong>Rok uko\u0144czenia szko\u0142y 1973<\/strong><\/p>\n\n\n\n<p class=\"has-text-align-center\">Jerzy Aleksiejuk<\/p>\n\n\n\n<p class=\"has-text-align-center\">Danuta Gromek (Ko\u0142tek)<\/p>\n\n\n\n<p class=\"has-text-align-center\">Ludmi\u0142a Jakowiuk (Czapko)<\/p>\n\n\n\n<p class=\"has-text-align-center\">Barbara Miro\u0144czuk (Weremijewicz)<\/p>\n\n\n\n<p class=\"has-text-align-center\">Janusz Motylewicz<\/p>\n\n\n\n<p class=\"has-text-align-center\">Ireneusz Paw\u0142owski<\/p>\n\n\n\n<p class=\"has-text-align-center\">Jerzy Podg\u00f3rski<\/p>\n\n\n\n<p class=\"has-text-align-center\">Walentyna Przychodze\u0144 (Golonko)<\/p>\n\n\n\n<p class=\"has-text-align-center\">Jan Tokajuk<\/p>\n\n\n\n<p class=\"has-text-align-center\"><strong>Rok uko\u0144czenia szko\u0142y 1972<\/strong><\/p>\n\n\n\n<p class=\"has-text-align-center\">Jolanta D\u0119bowska-Weiss (D\u0119bowska)<\/p>\n\n\n\n<p class=\"has-text-align-center\"><strong>Rok uko\u0144czenia szko\u0142y 1971<\/strong><\/p>\n\n\n\n<p class=\"has-text-align-center\">Alina Fleks (Herman)<\/p>\n\n\n\n<p class=\"has-text-align-center\">Marek Nowicki<\/p>\n\n\n\n<p class=\"has-text-align-center\">El\u017cbieta Podg\u00f3rska-Ku\u017cel (Podg\u00f3rska)<\/p>\n\n\n\n<p class=\"has-text-align-center\">Jadwiga Zagubie\u0144 (Drewulska)<\/p>\n\n\n\n<p class=\"has-text-align-center\"><strong>Rok uko\u0144czenia szko\u0142y 1969<\/strong><\/p>\n\n\n\n<p class=\"has-text-align-center\">Edward Flantz<\/p>\n\n\n\n<p class=\"has-text-align-center\">Stanis\u0142aw Fleks<\/p>\n\n\n\n<p class=\"has-text-align-center\">Antoni Kosieradzki<\/p>\n\n\n\n<p class=\"has-text-align-center\">Apolonia Krajewska (Do\u0142oto)<\/p>\n\n\n\n<p class=\"has-text-align-center\">Krystyna Leszczak<\/p>\n\n\n\n<p class=\"has-text-align-center\">Barbara \u0141api\u0144ska (Sawko)<\/p>\n\n\n\n<p class=\"has-text-align-center\">Andrzej Sawicki<\/p>\n\n\n\n<p class=\"has-text-align-center\">Marek Tokarski<\/p>\n\n\n\n<p class=\"has-text-align-center\"><strong>Rok uko\u0144czenia szko\u0142y 1968<\/strong><\/p>\n\n\n\n<p class=\"has-text-align-center\">W\u0142odzimierz Brzozowski<\/p>\n\n\n\n<p class=\"has-text-align-center\">Andrzej Filutowski<\/p>\n\n\n\n<p class=\"has-text-align-center\">Teresa Kami\u0144ska (Boguszewska)<\/p>\n\n\n\n<p class=\"has-text-align-center\">Marian Matosiuk<\/p>\n\n\n\n<p class=\"has-text-align-center\">Krystyna Murawska (Malewska)<\/p>\n\n\n\n<p class=\"has-text-align-center\">Julian Przybytko<\/p>\n\n\n\n<p class=\"has-text-align-center\">Alina Szwab<\/p>\n\n\n\n<p class=\"has-text-align-center\">Barbara Bogumi\u0142a Zagubie\u0144 (Hackiewicz)<\/p>\n\n\n\n<p class=\"has-text-align-center\"><strong>Rok uko\u0144czenia szko\u0142y 1967<\/strong><\/p>\n\n\n\n<p class=\"has-text-align-center\">Miko\u0142aj Gryciuk<\/p>\n\n\n\n<p class=\"has-text-align-center\">J\u00f3zef Poniatowski<\/p>\n\n\n\n<p class=\"has-text-align-center\">Halina Str\u0119bska (Siekierko)<\/p>\n\n\n\n<p class=\"has-text-align-center\">Krystyna \u015awizdor (Lewocka)<\/p>\n\n\n\n<p class=\"has-text-align-center\">Teresa Szerszenowicz<\/p>\n\n\n\n<p class=\"has-text-align-center\">Eugeniusz Wasilewski<\/p>\n\n\n\n<p class=\"has-text-align-center\">Irena Werpechowska (G\u0142owacka)<\/p>\n\n\n\n<p class=\"has-text-align-center\"><strong>Rok uko\u0144czenia szko\u0142y 1966<\/strong><\/p>\n\n\n\n<p class=\"has-text-align-center\">Zofia Boraty\u0144ska<\/p>\n\n\n\n<p class=\"has-text-align-center\">Leon Jod\u0142owski<\/p>\n\n\n\n<p class=\"has-text-align-center\">Maria Kowalik (Kruhli\u0144ska)<\/p>\n\n\n\n<p class=\"has-text-align-center\">Maria Kuczok (Michnowska)<\/p>\n\n\n\n<p class=\"has-text-align-center\">Walentyna \u0141uksza (Prokopowicz)<\/p>\n\n\n\n<p class=\"has-text-align-center\">Barbara Matlak (Kotlarek)<\/p>\n\n\n\n<p class=\"has-text-align-center\">Wies\u0142aw Murawski<\/p>\n\n\n\n<p class=\"has-text-align-center\">Gra\u017cyna Sidorczuk-Uszy\u0144ska (Sidorczuk)<\/p>\n\n\n\n<p class=\"has-text-align-center\">Teresa Szewczyk (Sycewicz)<\/p>\n\n\n\n<p class=\"has-text-align-center\">Joanna Tokarska<\/p>\n\n\n\n<p class=\"has-text-align-center\">Walentyna Weremijewicz (Grzyb)<\/p>\n\n\n\n<p class=\"has-text-align-center\"><strong>Rok uko\u0144czenia szko\u0142y 1965<\/strong><\/p>\n\n\n\n<p class=\"has-text-align-center\">Antoni Czapko<\/p>\n\n\n\n<p class=\"has-text-align-center\">Zofia Hodun (Bieleniewicz)<\/p>\n\n\n\n<p class=\"has-text-align-center\">Raisa Pachwicewicz (Wolska)<\/p>\n\n\n\n<p class=\"has-text-align-center\">Wanda Porzezi\u0144ska (Malinowska)<\/p>\n\n\n\n<p class=\"has-text-align-center\">Jadwiga Sobczyk (Chraniuk)<\/p>\n\n\n\n<p class=\"has-text-align-center\">Zofia Stypu\u0142kowska (Wili\u0144ska)<\/p>\n\n\n\n<p class=\"has-text-align-center\">Jadwiga Wis\u0142ocka (Szmur\u0142o)<\/p>\n\n\n\n<p class=\"has-text-align-center\">Helena Wiszenko (Borku\u0142ak)<\/p>\n\n\n\n<p class=\"has-text-align-center\">Zbigniew Woi\u0144ski<\/p>\n\n\n\n<p class=\"has-text-align-center\"><strong>Rok uko\u0144czenia szko\u0142y 1964<\/strong><\/p>\n\n\n\n<p class=\"has-text-align-center\">Andrzej Konczerewicz<\/p>\n\n\n\n<p class=\"has-text-align-center\">W\u0142adys\u0142aw Szyszko<\/p>\n\n\n\n<p class=\"has-text-align-center\">Barbara Wojciechowska (Peretko)<\/p>\n\n\n\n<p class=\"has-text-align-center\"><strong>Rok uko\u0144czenia szko\u0142y 1963<\/strong><\/p>\n\n\n\n<p class=\"has-text-align-center\">Ryszard Osiejuk<\/p>\n\n\n\n<p class=\"has-text-align-center\"><strong>Rok uko\u0144czenia szko\u0142y 196<\/strong>2<\/p>\n\n\n\n<p class=\"has-text-align-center\">Jakub Dawidziuk<\/p>\n\n\n\n<p class=\"has-text-align-center\"><strong>Rok uko\u0144czenia szko\u0142y 1961<\/strong><\/p>\n\n\n\n<p class=\"has-text-align-center\">Boles\u0142awa Ceglarska (Jadczuk)<\/p>\n\n\n\n<p class=\"has-text-align-center\">Henryk Krasowski<\/p>\n\n\n\n<p class=\"has-text-align-center\"><strong>Rok uko\u0144czenia szko\u0142y 1960<\/strong><\/p>\n\n\n\n<p class=\"has-text-align-center\">Borys Miku\u0142owski<\/p>\n\n\n\n<p class=\"has-text-align-center\"><strong>Rok uko\u0144czenia szko\u0142y 1959<\/strong><\/p>\n\n\n\n<p class=\"has-text-align-center\">Bazyli Kunach<\/p>\n\n\n\n<p class=\"has-text-align-center\">Norbert Sala<\/p>\n\n\n\n<p class=\"has-text-align-center\"><strong>Rok uko\u0144czenia szko\u0142y 1958<\/strong><\/p>\n\n\n\n<p class=\"has-text-align-center\">Krystyna Zielonka (Snycerska)<\/p>\n\n\n\n<p class=\"has-text-align-center\"><strong>Rok uko\u0144czenia szko\u0142y 1956<\/strong><\/p>\n\n\n\n<p class=\"has-text-align-center\">Jan Kalinowski<\/p>\n\n\n\n<p class=\"has-text-align-center\"><strong>Rok uko\u0144czenia szko\u0142y 1954<\/strong><\/p>\n\n\n\n<p class=\"has-text-align-center\">Aleksander Chraniuk<\/p>\n\n\n\n<p class=\"has-text-align-center\">Zofia Lipska (Lewkowicz)<\/p>\n\n\n\n<p><\/p>\n\n\n\n<p><\/p>\n\n\n\n<p><\/p>\n\n\n\n<p><\/p>\n","protected":false},"excerpt":{"rendered":"<p>Rok uko\u0144czenia szko\u0142y 2011 Beata Moczulak (Kuczy\u0144ska) Rok uko\u0144czenia szko\u0142y 2010 Ma\u0142gorzata Kropiwnicka (Zinczuk) Barbara \u0141adziak (Leoniuk) Magdalena Madejska Milena Wysocka (Stankiewicz) Rok uko\u0144czenia szko\u0142y 2008 Adam Jakimiuk Rok uko\u0144czenia szko\u0142y 2007 Rafa\u0142 Lubowicki Rok uko\u0144czenia szko\u0142y 2004 Ewelina K\u0142opotowska (Moczulska) \u0141ukasz Leszczy\u0144ski Zuzanna Ma\u0142etko Edyta Poniatowska-Socha (Poniatowska) Marcin Sidun Malwina Szyma\u0144ska (Zar\u0119ba) Rok uko\u0144czenia [&hellip;]<\/p>\n","protected":false},"author":1,"featured_media":0,"parent":0,"menu_order":0,"comment_status":"closed","ping_status":"closed","template":"","meta":{"site-container-style":"default","site-container-layout":"default","site-sidebar-layout":"default","site-transparent-header":"default","prose-style":"enable","disable-article-header":"default","disable-site-header":"default","disable-site-footer":"default","disable-content-area-spacing":"default","footnotes":""},"class_list":["post-97","page","type-page","status-publish","hentry"],"yoast_head":"<!-- This site is optimized with the Yoast SEO plugin v21.5 - https:\/\/yoast.com\/wordpress\/plugins\/seo\/ -->\n<title>Zarejestrowani uczestnicy - XII Zjazd Absolwent\u00f3w i Wychowank\u00f3w Liceum Og\u00f3lnokszta\u0142c\u0105cego, Liceum Handlowego i Technikum w Siemiatyczach<\/title>\n<meta name=\"robots\" content=\"index, follow, max-snippet:-1, max-image-preview:large, max-video-preview:-1\" \/>\n<link rel=\"canonical\" href=\"http:\/\/zjazd24.lo-siemiatycze.edu.pl\/?page_id=97\" \/>\n<meta property=\"og:locale\" content=\"pl_PL\" \/>\n<meta property=\"og:type\" content=\"article\" \/>\n<meta property=\"og:title\" content=\"Zarejestrowani uczestnicy - XII Zjazd Absolwent\u00f3w i Wychowank\u00f3w Liceum Og\u00f3lnokszta\u0142c\u0105cego, Liceum Handlowego i Technikum w Siemiatyczach\" \/>\n<meta property=\"og:description\" content=\"Rok uko\u0144czenia szko\u0142y 2011 Beata Moczulak (Kuczy\u0144ska) Rok uko\u0144czenia szko\u0142y 2010 Ma\u0142gorzata Kropiwnicka (Zinczuk) Barbara \u0141adziak (Leoniuk) Magdalena Madejska Milena Wysocka (Stankiewicz) Rok uko\u0144czenia szko\u0142y 2008 Adam Jakimiuk Rok uko\u0144czenia szko\u0142y 2007 Rafa\u0142 Lubowicki Rok uko\u0144czenia szko\u0142y 2004 Ewelina K\u0142opotowska (Moczulska) \u0141ukasz Leszczy\u0144ski Zuzanna Ma\u0142etko Edyta Poniatowska-Socha (Poniatowska) Marcin Sidun Malwina Szyma\u0144ska (Zar\u0119ba) Rok uko\u0144czenia [&hellip;]\" \/>\n<meta property=\"og:url\" content=\"http:\/\/zjazd24.lo-siemiatycze.edu.pl\/?page_id=97\" \/>\n<meta property=\"og:site_name\" content=\"XII Zjazd Absolwent\u00f3w i Wychowank\u00f3w Liceum Og\u00f3lnokszta\u0142c\u0105cego, Liceum Handlowego i Technikum w Siemiatyczach\" \/>\n<meta property=\"article:modified_time\" content=\"2024-06-11T12:57:04+00:00\" \/>\n<meta name=\"twitter:card\" content=\"summary_large_image\" \/>\n<meta name=\"twitter:label1\" content=\"Szacowany czas czytania\" \/>\n\t<meta name=\"twitter:data1\" content=\"5 minut\" \/>\n<script type=\"application\/ld+json\" class=\"yoast-schema-graph\">{\"@context\":\"https:\/\/schema.org\",\"@graph\":[{\"@type\":\"WebPage\",\"@id\":\"http:\/\/zjazd24.lo-siemiatycze.edu.pl\/?page_id=97\",\"url\":\"http:\/\/zjazd24.lo-siemiatycze.edu.pl\/?page_id=97\",\"name\":\"Zarejestrowani uczestnicy - XII Zjazd Absolwent\u00f3w i Wychowank\u00f3w Liceum Og\u00f3lnokszta\u0142c\u0105cego, Liceum Handlowego i Technikum w Siemiatyczach\",\"isPartOf\":{\"@id\":\"http:\/\/zjazd24.lo-siemiatycze.edu.pl\/#website\"},\"datePublished\":\"2024-02-25T16:34:32+00:00\",\"dateModified\":\"2024-06-11T12:57:04+00:00\",\"breadcrumb\":{\"@id\":\"http:\/\/zjazd24.lo-siemiatycze.edu.pl\/?page_id=97#breadcrumb\"},\"inLanguage\":\"pl-PL\",\"potentialAction\":[{\"@type\":\"ReadAction\",\"target\":[\"http:\/\/zjazd24.lo-siemiatycze.edu.pl\/?page_id=97\"]}]},{\"@type\":\"BreadcrumbList\",\"@id\":\"http:\/\/zjazd24.lo-siemiatycze.edu.pl\/?page_id=97#breadcrumb\",\"itemListElement\":[{\"@type\":\"ListItem\",\"position\":1,\"name\":\"Home\",\"item\":\"http:\/\/zjazd24.lo-siemiatycze.edu.pl\/\"},{\"@type\":\"ListItem\",\"position\":2,\"name\":\"Zarejestrowani uczestnicy\"}]},{\"@type\":\"WebSite\",\"@id\":\"http:\/\/zjazd24.lo-siemiatycze.edu.pl\/#website\",\"url\":\"http:\/\/zjazd24.lo-siemiatycze.edu.pl\/\",\"name\":\"XII Zjazd Absolwent\u00f3w i Wychowank\u00f3w Liceum Og\u00f3lnokszta\u0142c\u0105cego, Liceum Handlowego i Technikum w Siemiatyczach\",\"description\":\"\",\"potentialAction\":[{\"@type\":\"SearchAction\",\"target\":{\"@type\":\"EntryPoint\",\"urlTemplate\":\"http:\/\/zjazd24.lo-siemiatycze.edu.pl\/?s={search_term_string}\"},\"query-input\":\"required name=search_term_string\"}],\"inLanguage\":\"pl-PL\"}]}<\/script>\n<!-- \/ Yoast SEO plugin. -->","yoast_head_json":{"title":"Zarejestrowani uczestnicy - XII Zjazd Absolwent\u00f3w i Wychowank\u00f3w Liceum Og\u00f3lnokszta\u0142c\u0105cego, Liceum Handlowego i Technikum w Siemiatyczach","robots":{"index":"index","follow":"follow","max-snippet":"max-snippet:-1","max-image-preview":"max-image-preview:large","max-video-preview":"max-video-preview:-1"},"canonical":"http:\/\/zjazd24.lo-siemiatycze.edu.pl\/?page_id=97","og_locale":"pl_PL","og_type":"article","og_title":"Zarejestrowani uczestnicy - XII Zjazd Absolwent\u00f3w i Wychowank\u00f3w Liceum Og\u00f3lnokszta\u0142c\u0105cego, Liceum Handlowego i Technikum w Siemiatyczach","og_description":"Rok uko\u0144czenia szko\u0142y 2011 Beata Moczulak (Kuczy\u0144ska) Rok uko\u0144czenia szko\u0142y 2010 Ma\u0142gorzata Kropiwnicka (Zinczuk) Barbara \u0141adziak (Leoniuk) Magdalena Madejska Milena Wysocka (Stankiewicz) Rok uko\u0144czenia szko\u0142y 2008 Adam Jakimiuk Rok uko\u0144czenia szko\u0142y 2007 Rafa\u0142 Lubowicki Rok uko\u0144czenia szko\u0142y 2004 Ewelina K\u0142opotowska (Moczulska) \u0141ukasz Leszczy\u0144ski Zuzanna Ma\u0142etko Edyta Poniatowska-Socha (Poniatowska) Marcin Sidun Malwina Szyma\u0144ska (Zar\u0119ba) Rok uko\u0144czenia [&hellip;]","og_url":"http:\/\/zjazd24.lo-siemiatycze.edu.pl\/?page_id=97","og_site_name":"XII Zjazd Absolwent\u00f3w i Wychowank\u00f3w Liceum Og\u00f3lnokszta\u0142c\u0105cego, Liceum Handlowego i Technikum w Siemiatyczach","article_modified_time":"2024-06-11T12:57:04+00:00","twitter_card":"summary_large_image","twitter_misc":{"Szacowany czas czytania":"5 minut"},"schema":{"@context":"https:\/\/schema.org","@graph":[{"@type":"WebPage","@id":"http:\/\/zjazd24.lo-siemiatycze.edu.pl\/?page_id=97","url":"http:\/\/zjazd24.lo-siemiatycze.edu.pl\/?page_id=97","name":"Zarejestrowani uczestnicy - XII Zjazd Absolwent\u00f3w i Wychowank\u00f3w Liceum Og\u00f3lnokszta\u0142c\u0105cego, Liceum Handlowego i Technikum w Siemiatyczach","isPartOf":{"@id":"http:\/\/zjazd24.lo-siemiatycze.edu.pl\/#website"},"datePublished":"2024-02-25T16:34:32+00:00","dateModified":"2024-06-11T12:57:04+00:00","breadcrumb":{"@id":"http:\/\/zjazd24.lo-siemiatycze.edu.pl\/?page_id=97#breadcrumb"},"inLanguage":"pl-PL","potentialAction":[{"@type":"ReadAction","target":["http:\/\/zjazd24.lo-siemiatycze.edu.pl\/?page_id=97"]}]},{"@type":"BreadcrumbList","@id":"http:\/\/zjazd24.lo-siemiatycze.edu.pl\/?page_id=97#breadcrumb","itemListElement":[{"@type":"ListItem","position":1,"name":"Home","item":"http:\/\/zjazd24.lo-siemiatycze.edu.pl\/"},{"@type":"ListItem","position":2,"name":"Zarejestrowani uczestnicy"}]},{"@type":"WebSite","@id":"http:\/\/zjazd24.lo-siemiatycze.edu.pl\/#website","url":"http:\/\/zjazd24.lo-siemiatycze.edu.pl\/","name":"XII Zjazd Absolwent\u00f3w i Wychowank\u00f3w Liceum Og\u00f3lnokszta\u0142c\u0105cego, Liceum Handlowego i Technikum w Siemiatyczach","description":"","potentialAction":[{"@type":"SearchAction","target":{"@type":"EntryPoint","urlTemplate":"http:\/\/zjazd24.lo-siemiatycze.edu.pl\/?s={search_term_string}"},"query-input":"required name=search_term_string"}],"inLanguage":"pl-PL"}]}},"_links":{"self":[{"href":"http:\/\/zjazd24.lo-siemiatycze.edu.pl\/index.php?rest_route=\/wp\/v2\/pages\/97","targetHints":{"allow":["GET"]}}],"collection":[{"href":"http:\/\/zjazd24.lo-siemiatycze.edu.pl\/index.php?rest_route=\/wp\/v2\/pages"}],"about":[{"href":"http:\/\/zjazd24.lo-siemiatycze.edu.pl\/index.php?rest_route=\/wp\/v2\/types\/page"}],"author":[{"embeddable":true,"href":"http:\/\/zjazd24.lo-siemiatycze.edu.pl\/index.php?rest_route=\/wp\/v2\/users\/1"}],"replies":[{"embeddable":true,"href":"http:\/\/zjazd24.lo-siemiatycze.edu.pl\/index.php?rest_route=%2Fwp%2Fv2%2Fcomments&post=97"}],"version-history":[{"count":243,"href":"http:\/\/zjazd24.lo-siemiatycze.edu.pl\/index.php?rest_route=\/wp\/v2\/pages\/97\/revisions"}],"predecessor-version":[{"id":654,"href":"http:\/\/zjazd24.lo-siemiatycze.edu.pl\/index.php?rest_route=\/wp\/v2\/pages\/97\/revisions\/654"}],"wp:attachment":[{"href":"http:\/\/zjazd24.lo-siemiatycze.edu.pl\/index.php?rest_route=%2Fwp%2Fv2%2Fmedia&parent=97"}],"curies":[{"name":"wp","href":"https:\/\/api.w.org\/{rel}","templated":true}]}}